{"version":"1.0","provider_name":"PPmedia","provider_url":"https:\/\/ppmedia.rs\/v2","author_name":"adminpp033","author_url":"https:\/\/ppmedia.rs\/v2\/author\/adminpp033\/","title":"\u010cetvrtaci iz \"Valtera\" u\u010dionicu zamenili izleti\u0161tem - PPmedia","type":"rich","width":600,"height":338,"html":"<blockquote class=\"wp-embedded-content\" data-secret=\"jrQ3KhPlFi\"><a href=\"https:\/\/ppmedia.rs\/v2\/cetvrtaci-iz-valtera-ucionicu-zamenili-izletistem\/\">\u010cetvrtaci iz &#8222;Valtera&#8220; u\u010dionicu zamenili izleti\u0161tem<\/a><\/blockquote><iframe sandbox=\"allow-scripts\" security=\"restricted\" src=\"https:\/\/ppmedia.rs\/v2\/cetvrtaci-iz-valtera-ucionicu-zamenili-izletistem\/embed\/#?secret=jrQ3KhPlFi\" width=\"600\" height=\"338\" title=\"&#132;\u010cetvrtaci iz &#8222;Valtera&#8220; u\u010dionicu zamenili izleti\u0161tem&#147; &#8212; PPmedia\" data-secret=\"jrQ3KhPlFi\" frameborder=\"0\" marginwidth=\"0\" marginheight=\"0\" scrolling=\"no\" class=\"wp-embedded-content\"><\/iframe><script type=\"text\/javascript\">\n\/* <![CDATA[ *\/\n\/*! This file is auto-generated *\/\n!function(d,l){\"use strict\";l.querySelector&&d.addEventListener&&\"undefined\"!=typeof URL&&(d.wp=d.wp||{},d.wp.receiveEmbedMessage||(d.wp.receiveEmbedMessage=function(e){var t=e.data;if((t||t.secret||t.message||t.value)&&!\/[^a-zA-Z0-9]\/.test(t.secret)){for(var s,r,n,a=l.querySelectorAll('iframe[data-secret=\"'+t.secret+'\"]'),o=l.querySelectorAll('blockquote[data-secret=\"'+t.secret+'\"]'),c=new RegExp(\"^https?:$\",\"i\"),i=0;i<o.length;i++)o[i].style.display=\"none\";for(i=0;i<a.length;i++)s=a[i],e.source===s.contentWindow&&(s.removeAttribute(\"style\"),\"height\"===t.message?(1e3<(r=parseInt(t.value,10))?r=1e3:~~r<200&&(r=200),s.height=r):\"link\"===t.message&&(r=new URL(s.getAttribute(\"src\")),n=new URL(t.value),c.test(n.protocol))&&n.host===r.host&&l.activeElement===s&&(d.top.location.href=t.value))}},d.addEventListener(\"message\",d.wp.receiveEmbedMessage,!1),l.addEventListener(\"DOMContentLoaded\",function(){for(var e,t,s=l.querySelectorAll(\"iframe.wp-embedded-content\"),r=0;r<s.length;r++)(t=(e=s[r]).getAttribute(\"data-secret\"))||(t=Math.random().toString(36).substring(2,12),e.src+=\"#?secret=\"+t,e.setAttribute(\"data-secret\",t)),e.contentWindow.postMessage({message:\"ready\",secret:t},\"*\")},!1)))}(window,document);\n\/\/# sourceURL=https:\/\/ppmedia.rs\/v2\/wp-includes\/js\/wp-embed.min.js\n\/* ]]> *\/\n<\/script>\n","thumbnail_url":"https:\/\/ppmedia.rs\/wp-content\/uploads\/2024\/05\/20240523_142927-scaled.jpg","thumbnail_width":2560,"thumbnail_height":1441,"description":"Prijepolje &#8211; U okviru akcije \u201eSa prirodom na ti\u201c, u\u010denici \u010detvrtog razreda Osnovne \u0161kole \u201eVladimir Peri\u0107 Valter\u201c iz Prijepolja imali su jedinstvenu priliku da zamene u\u010dionice za prirodu. Ova inovativna ideja, odr\u017eana na izleti\u0161tu Ravne nadomak Prijepolja, donela je \u0111acima osve\u017eavaju\u0107u promenu u obrazovnom procesu. Foto: A.Rov\u010danin Akcija, osmi\u0161ljena da..."}