{"version":"1.0","provider_name":"PPmedia","provider_url":"https:\/\/ppmedia.rs\/v2","author_name":"adminpp033","author_url":"https:\/\/ppmedia.rs\/v2\/author\/adminpp033\/","title":"\u0106ubi\u0107u petogodi\u0161nji mandat na\u010delnika Op\u0161tinske uprave - PPmedia","type":"rich","width":600,"height":338,"html":"<blockquote class=\"wp-embedded-content\" data-secret=\"0FFi64ZFf9\"><a href=\"https:\/\/ppmedia.rs\/v2\/cubicu-petogodisnji-mandat-nacelnika-opstinske-uprave\/\">\u0106ubi\u0107u petogodi\u0161nji mandat na\u010delnika Op\u0161tinske uprave<\/a><\/blockquote><iframe sandbox=\"allow-scripts\" security=\"restricted\" src=\"https:\/\/ppmedia.rs\/v2\/cubicu-petogodisnji-mandat-nacelnika-opstinske-uprave\/embed\/#?secret=0FFi64ZFf9\" width=\"600\" height=\"338\" title=\"&#132;\u0106ubi\u0107u petogodi\u0161nji mandat na\u010delnika Op\u0161tinske uprave&#147; &#8212; PPmedia\" data-secret=\"0FFi64ZFf9\" frameborder=\"0\" marginwidth=\"0\" marginheight=\"0\" scrolling=\"no\" class=\"wp-embedded-content\"><\/iframe><script type=\"text\/javascript\">\n\/* <![CDATA[ *\/\n\/*! This file is auto-generated *\/\n!function(d,l){\"use strict\";l.querySelector&&d.addEventListener&&\"undefined\"!=typeof URL&&(d.wp=d.wp||{},d.wp.receiveEmbedMessage||(d.wp.receiveEmbedMessage=function(e){var t=e.data;if((t||t.secret||t.message||t.value)&&!\/[^a-zA-Z0-9]\/.test(t.secret)){for(var s,r,n,a=l.querySelectorAll('iframe[data-secret=\"'+t.secret+'\"]'),o=l.querySelectorAll('blockquote[data-secret=\"'+t.secret+'\"]'),c=new RegExp(\"^https?:$\",\"i\"),i=0;i<o.length;i++)o[i].style.display=\"none\";for(i=0;i<a.length;i++)s=a[i],e.source===s.contentWindow&&(s.removeAttribute(\"style\"),\"height\"===t.message?(1e3<(r=parseInt(t.value,10))?r=1e3:~~r<200&&(r=200),s.height=r):\"link\"===t.message&&(r=new URL(s.getAttribute(\"src\")),n=new URL(t.value),c.test(n.protocol))&&n.host===r.host&&l.activeElement===s&&(d.top.location.href=t.value))}},d.addEventListener(\"message\",d.wp.receiveEmbedMessage,!1),l.addEventListener(\"DOMContentLoaded\",function(){for(var e,t,s=l.querySelectorAll(\"iframe.wp-embedded-content\"),r=0;r<s.length;r++)(t=(e=s[r]).getAttribute(\"data-secret\"))||(t=Math.random().toString(36).substring(2,12),e.src+=\"#?secret=\"+t,e.setAttribute(\"data-secret\",t)),e.contentWindow.postMessage({message:\"ready\",secret:t},\"*\")},!1)))}(window,document);\n\/\/# sourceURL=https:\/\/ppmedia.rs\/v2\/wp-includes\/js\/wp-embed.min.js\n\/* ]]> *\/\n<\/script>\n","thumbnail_url":"https:\/\/ppmedia.rs\/wp-content\/uploads\/2021\/03\/miodrag-cubic-2fotogzs.jpg","thumbnail_width":800,"thumbnail_height":450,"description":"Prijepolje &#8211; Op\u0161tinsko ve\u0107e, nakon sprovedenog konkursa imenovalo je na period od pet godina Miodraga \u0106ubi\u0107a za na\u010delnika Op\u0161tinske uprave Prijepolje. Pre ove du\u017enosti \u0106ubi\u0107 je radio kao rukovodioc Odeljenja za dru\u0161tvene delatnosti, op\u0161tu upravu i zajedni\u010dke poslove. Miodrag \u0106ubi\u0107 je nakon zavr\u0161ene Gimnazije upisao Parvni fakultet na kojem je..."}