{"version":"1.0","provider_name":"PPmedia","provider_url":"https:\/\/ppmedia.rs\/v2","author_name":"adminpp033","author_url":"https:\/\/ppmedia.rs\/v2\/author\/adminpp033\/","title":"Gu\u010da: Priznanje za orkestar Ivana \u0110enadi\u0107a iz Akma\u010di\u0107a - PPmedia","type":"rich","width":600,"height":338,"html":"<blockquote class=\"wp-embedded-content\" data-secret=\"IHiKIy6Qx0\"><a href=\"https:\/\/ppmedia.rs\/v2\/guca-priznanje-za-orkestar-ivana-djenadica-iz-akmacica\/\">Gu\u010da: Priznanje za orkestar Ivana \u0110enadi\u0107a iz Akma\u010di\u0107a<\/a><\/blockquote><iframe sandbox=\"allow-scripts\" security=\"restricted\" src=\"https:\/\/ppmedia.rs\/v2\/guca-priznanje-za-orkestar-ivana-djenadica-iz-akmacica\/embed\/#?secret=IHiKIy6Qx0\" width=\"600\" height=\"338\" title=\"&#132;Gu\u010da: Priznanje za orkestar Ivana \u0110enadi\u0107a iz Akma\u010di\u0107a&#147; &#8212; PPmedia\" data-secret=\"IHiKIy6Qx0\" frameborder=\"0\" marginwidth=\"0\" marginheight=\"0\" scrolling=\"no\" class=\"wp-embedded-content\"><\/iframe><script type=\"text\/javascript\">\n\/* <![CDATA[ *\/\n\/*! This file is auto-generated *\/\n!function(d,l){\"use strict\";l.querySelector&&d.addEventListener&&\"undefined\"!=typeof URL&&(d.wp=d.wp||{},d.wp.receiveEmbedMessage||(d.wp.receiveEmbedMessage=function(e){var t=e.data;if((t||t.secret||t.message||t.value)&&!\/[^a-zA-Z0-9]\/.test(t.secret)){for(var s,r,n,a=l.querySelectorAll('iframe[data-secret=\"'+t.secret+'\"]'),o=l.querySelectorAll('blockquote[data-secret=\"'+t.secret+'\"]'),c=new RegExp(\"^https?:$\",\"i\"),i=0;i<o.length;i++)o[i].style.display=\"none\";for(i=0;i<a.length;i++)s=a[i],e.source===s.contentWindow&&(s.removeAttribute(\"style\"),\"height\"===t.message?(1e3<(r=parseInt(t.value,10))?r=1e3:~~r<200&&(r=200),s.height=r):\"link\"===t.message&&(r=new URL(s.getAttribute(\"src\")),n=new URL(t.value),c.test(n.protocol))&&n.host===r.host&&l.activeElement===s&&(d.top.location.href=t.value))}},d.addEventListener(\"message\",d.wp.receiveEmbedMessage,!1),l.addEventListener(\"DOMContentLoaded\",function(){for(var e,t,s=l.querySelectorAll(\"iframe.wp-embedded-content\"),r=0;r<s.length;r++)(t=(e=s[r]).getAttribute(\"data-secret\"))||(t=Math.random().toString(36).substring(2,12),e.src+=\"#?secret=\"+t,e.setAttribute(\"data-secret\",t)),e.contentWindow.postMessage({message:\"ready\",secret:t},\"*\")},!1)))}(window,document);\n\/\/# sourceURL=https:\/\/ppmedia.rs\/v2\/wp-includes\/js\/wp-embed.min.js\n\/* ]]> *\/\n<\/script>\n","thumbnail_url":"https:\/\/ppmedia.rs\/wp-content\/uploads\/2017\/08\/Orkestar-Djenadic.jpg","thumbnail_width":800,"thumbnail_height":600,"description":"Prva truba 57. Draga\u010devskog sabora u Gu\u010di je Janko Jovanovi\u0107 iz orkestra Janka Jovanovi\u0107a i Ljubivoja Dikovi\u0107a iz Po\u017eege. Za najbolji orkestar progla\u0161en je truba\u010dki sastav Bojana Krsti\u0107a iz Vladi\u010dinog Hana. Zlatnu trubu iz Gu\u010de poneo je Ivan Jovanovi\u0107 iz U\u017eica dok je nagradu za najizvornije muziciranje poneo orkestar Ivana..."}