{"version":"1.0","provider_name":"PPmedia","provider_url":"https:\/\/ppmedia.rs\/v2","author_name":"adminpp033","author_url":"https:\/\/ppmedia.rs\/v2\/author\/adminpp033\/","title":"Ministarstvo prosvete:Bez tehnolo\u0161kih vi\u0161kova i \u0161trajkova od 1.septembra - PPmedia","type":"rich","width":600,"height":338,"html":"<blockquote class=\"wp-embedded-content\" data-secret=\"glBeY7yECQ\"><a href=\"https:\/\/ppmedia.rs\/v2\/ministarstvo-prosvetebez-tehnoloskih-viskova-strajkova-od-1-septembra\/\">Ministarstvo prosvete:Bez tehnolo\u0161kih vi\u0161kova i \u0161trajkova od 1.septembra<\/a><\/blockquote><iframe sandbox=\"allow-scripts\" security=\"restricted\" src=\"https:\/\/ppmedia.rs\/v2\/ministarstvo-prosvetebez-tehnoloskih-viskova-strajkova-od-1-septembra\/embed\/#?secret=glBeY7yECQ\" width=\"600\" height=\"338\" title=\"&#132;Ministarstvo prosvete:Bez tehnolo\u0161kih vi\u0161kova i \u0161trajkova od 1.septembra&#147; &#8212; PPmedia\" data-secret=\"glBeY7yECQ\" frameborder=\"0\" marginwidth=\"0\" marginheight=\"0\" scrolling=\"no\" class=\"wp-embedded-content\"><\/iframe><script type=\"text\/javascript\">\n\/* <![CDATA[ *\/\n\/*! This file is auto-generated *\/\n!function(d,l){\"use strict\";l.querySelector&&d.addEventListener&&\"undefined\"!=typeof URL&&(d.wp=d.wp||{},d.wp.receiveEmbedMessage||(d.wp.receiveEmbedMessage=function(e){var t=e.data;if((t||t.secret||t.message||t.value)&&!\/[^a-zA-Z0-9]\/.test(t.secret)){for(var s,r,n,a=l.querySelectorAll('iframe[data-secret=\"'+t.secret+'\"]'),o=l.querySelectorAll('blockquote[data-secret=\"'+t.secret+'\"]'),c=new RegExp(\"^https?:$\",\"i\"),i=0;i<o.length;i++)o[i].style.display=\"none\";for(i=0;i<a.length;i++)s=a[i],e.source===s.contentWindow&&(s.removeAttribute(\"style\"),\"height\"===t.message?(1e3<(r=parseInt(t.value,10))?r=1e3:~~r<200&&(r=200),s.height=r):\"link\"===t.message&&(r=new URL(s.getAttribute(\"src\")),n=new URL(t.value),c.test(n.protocol))&&n.host===r.host&&l.activeElement===s&&(d.top.location.href=t.value))}},d.addEventListener(\"message\",d.wp.receiveEmbedMessage,!1),l.addEventListener(\"DOMContentLoaded\",function(){for(var e,t,s=l.querySelectorAll(\"iframe.wp-embedded-content\"),r=0;r<s.length;r++)(t=(e=s[r]).getAttribute(\"data-secret\"))||(t=Math.random().toString(36).substring(2,12),e.src+=\"#?secret=\"+t,e.setAttribute(\"data-secret\",t)),e.contentWindow.postMessage({message:\"ready\",secret:t},\"*\")},!1)))}(window,document);\n\/\/# sourceURL=https:\/\/ppmedia.rs\/v2\/wp-includes\/js\/wp-embed.min.js\n\/* ]]> *\/\n<\/script>\n","thumbnail_url":"https:\/\/ppmedia.rs\/wp-content\/uploads\/2016\/08\/EKONOMSKA.jpg","thumbnail_width":689,"thumbnail_height":333,"description":"Svi tehnolo\u0161ki vi\u0161kovi u prosveti bi\u0107e raspore\u0111eni u \u0161kolama gde ima slobodnih mesta, a prosvetari ne\u0107e \u0161trajkovati od 1. septembra, re\u010deno je danas nakon sastanka novog ministra prosvete Mladena \u0160ar\u010devi\u0107a sa predstavnicima \u010detiri reprezentativna sindikata. \u0160ar\u010devi\u0107 je nakon sastanka sa sindikalcima Tanjugu rekao da \u0107e tehnolo\u0161ki vi\u0161kovi imati prioritet i..."}