{"version":"1.0","provider_name":"PPmedia","provider_url":"https:\/\/ppmedia.rs\/v2","author_name":"adminpp033","author_url":"https:\/\/ppmedia.rs\/v2\/author\/adminpp033\/","title":"Novinari \u0160aponji\u0107 i Honi\u0107 iz smetova spasavali povre\u0111enu staricu - PPmedia","type":"rich","width":600,"height":338,"html":"<blockquote class=\"wp-embedded-content\" data-secret=\"dcptUMD97z\"><a href=\"https:\/\/ppmedia.rs\/v2\/novinari-saponjic-honic-iz-smetova-spasavali-povredjenu-staricu\/\">Novinari \u0160aponji\u0107 i Honi\u0107 iz smetova spasavali povre\u0111enu staricu<\/a><\/blockquote><iframe sandbox=\"allow-scripts\" security=\"restricted\" src=\"https:\/\/ppmedia.rs\/v2\/novinari-saponjic-honic-iz-smetova-spasavali-povredjenu-staricu\/embed\/#?secret=dcptUMD97z\" width=\"600\" height=\"338\" title=\"&#132;Novinari \u0160aponji\u0107 i Honi\u0107 iz smetova spasavali povre\u0111enu staricu&#147; &#8212; PPmedia\" data-secret=\"dcptUMD97z\" frameborder=\"0\" marginwidth=\"0\" marginheight=\"0\" scrolling=\"no\" class=\"wp-embedded-content\"><\/iframe><script type=\"text\/javascript\">\n\/* <![CDATA[ *\/\n\/*! This file is auto-generated *\/\n!function(d,l){\"use strict\";l.querySelector&&d.addEventListener&&\"undefined\"!=typeof URL&&(d.wp=d.wp||{},d.wp.receiveEmbedMessage||(d.wp.receiveEmbedMessage=function(e){var t=e.data;if((t||t.secret||t.message||t.value)&&!\/[^a-zA-Z0-9]\/.test(t.secret)){for(var s,r,n,a=l.querySelectorAll('iframe[data-secret=\"'+t.secret+'\"]'),o=l.querySelectorAll('blockquote[data-secret=\"'+t.secret+'\"]'),c=new RegExp(\"^https?:$\",\"i\"),i=0;i<o.length;i++)o[i].style.display=\"none\";for(i=0;i<a.length;i++)s=a[i],e.source===s.contentWindow&&(s.removeAttribute(\"style\"),\"height\"===t.message?(1e3<(r=parseInt(t.value,10))?r=1e3:~~r<200&&(r=200),s.height=r):\"link\"===t.message&&(r=new URL(s.getAttribute(\"src\")),n=new URL(t.value),c.test(n.protocol))&&n.host===r.host&&l.activeElement===s&&(d.top.location.href=t.value))}},d.addEventListener(\"message\",d.wp.receiveEmbedMessage,!1),l.addEventListener(\"DOMContentLoaded\",function(){for(var e,t,s=l.querySelectorAll(\"iframe.wp-embedded-content\"),r=0;r<s.length;r++)(t=(e=s[r]).getAttribute(\"data-secret\"))||(t=Math.random().toString(36).substring(2,12),e.src+=\"#?secret=\"+t,e.setAttribute(\"data-secret\",t)),e.contentWindow.postMessage({message:\"ready\",secret:t},\"*\")},!1)))}(window,document);\n\/\/# sourceURL=https:\/\/ppmedia.rs\/v2\/wp-includes\/js\/wp-embed.min.js\n\/* ]]> *\/\n<\/script>\n","thumbnail_url":"https:\/\/ppmedia.rs\/wp-content\/uploads\/2017\/01\/novinari.jpg","thumbnail_width":615,"thumbnail_height":346,"description":"Kolege Zoran \u0160aponji\u0107 i Edib Honi\u0107 pomogli su ju\u010de spasiocima da iz zavejanog sjeni\u010dkog sela Lijeva Rijeka povre\u0111enu staricu dovedu do Sjenice gde joj je ukazana lekarska pomo\u0107. Kako za UNS ka\u017ee dopisnik Kurira iz Zapadne Srbije i \u010dlan Uprave UNS-a Zoran \u0160aponji\u0107, dopisnik TV B92 iz Sjenice i \u010dlan..."}