{"version":"1.0","provider_name":"PPmedia","provider_url":"https:\/\/ppmedia.rs\/v2","author_name":"adminpp033","author_url":"https:\/\/ppmedia.rs\/v2\/author\/adminpp033\/","title":"Obele\u017eeno 100 godina Gajreta u Prijepolju - PPmedia","type":"rich","width":600,"height":338,"html":"<blockquote class=\"wp-embedded-content\" data-secret=\"Vt08QyrhdG\"><a href=\"https:\/\/ppmedia.rs\/v2\/obelezeno-100-godina-gajreta-u-prijepolju\/\">Obele\u017eeno 100 godina Gajreta u Prijepolju<\/a><\/blockquote><iframe sandbox=\"allow-scripts\" security=\"restricted\" src=\"https:\/\/ppmedia.rs\/v2\/obelezeno-100-godina-gajreta-u-prijepolju\/embed\/#?secret=Vt08QyrhdG\" width=\"600\" height=\"338\" title=\"&#132;Obele\u017eeno 100 godina Gajreta u Prijepolju&#147; &#8212; PPmedia\" data-secret=\"Vt08QyrhdG\" frameborder=\"0\" marginwidth=\"0\" marginheight=\"0\" scrolling=\"no\" class=\"wp-embedded-content\"><\/iframe><script type=\"text\/javascript\">\n\/* <![CDATA[ *\/\n\/*! This file is auto-generated *\/\n!function(d,l){\"use strict\";l.querySelector&&d.addEventListener&&\"undefined\"!=typeof URL&&(d.wp=d.wp||{},d.wp.receiveEmbedMessage||(d.wp.receiveEmbedMessage=function(e){var t=e.data;if((t||t.secret||t.message||t.value)&&!\/[^a-zA-Z0-9]\/.test(t.secret)){for(var s,r,n,a=l.querySelectorAll('iframe[data-secret=\"'+t.secret+'\"]'),o=l.querySelectorAll('blockquote[data-secret=\"'+t.secret+'\"]'),c=new RegExp(\"^https?:$\",\"i\"),i=0;i<o.length;i++)o[i].style.display=\"none\";for(i=0;i<a.length;i++)s=a[i],e.source===s.contentWindow&&(s.removeAttribute(\"style\"),\"height\"===t.message?(1e3<(r=parseInt(t.value,10))?r=1e3:~~r<200&&(r=200),s.height=r):\"link\"===t.message&&(r=new URL(s.getAttribute(\"src\")),n=new URL(t.value),c.test(n.protocol))&&n.host===r.host&&l.activeElement===s&&(d.top.location.href=t.value))}},d.addEventListener(\"message\",d.wp.receiveEmbedMessage,!1),l.addEventListener(\"DOMContentLoaded\",function(){for(var e,t,s=l.querySelectorAll(\"iframe.wp-embedded-content\"),r=0;r<s.length;r++)(t=(e=s[r]).getAttribute(\"data-secret\"))||(t=Math.random().toString(36).substring(2,12),e.src+=\"#?secret=\"+t,e.setAttribute(\"data-secret\",t)),e.contentWindow.postMessage({message:\"ready\",secret:t},\"*\")},!1)))}(window,document);\n\/\/# sourceURL=https:\/\/ppmedia.rs\/v2\/wp-includes\/js\/wp-embed.min.js\n\/* ]]> *\/\n<\/script>\n","thumbnail_url":"https:\/\/ppmedia.rs\/wp-content\/uploads\/2021\/05\/Izlozba-Gajret-foto-A.Rovcanin-1-scaled.jpg","thumbnail_width":2560,"thumbnail_height":1440,"description":"Prijepolje &#8211; Izlo\u017ebom foto dokumenata sino\u0107 je u Velikoj galeriji prijepoljskog Doma kulture zapo\u010deo program obele\u017eavanja &#8220;100 godina Gajreta u Prijepolju&#8220;. Odr\u017eana je i tribina na kojoj su o Gajretu govorili\u00a0 Sanjin Kodri\u0107, predsjednik BZK &#8222;Preporod&#8220;, Faruk Dizdarevi\u0107, knji\u017eevnik i autor knjige Gajret u Priboju\u00a0 i dr Nadir Daci\u0107, autor..."}