{"version":"1.0","provider_name":"PPmedia","provider_url":"https:\/\/ppmedia.rs\/v2","author_name":"adminpp033","author_url":"https:\/\/ppmedia.rs\/v2\/author\/adminpp033\/","title":"P\u010delari se dru\u017eili sa mali\u0161anima PU \"Mi\u0161a Cvijovi\u0107\" - PPmedia","type":"rich","width":600,"height":338,"html":"<blockquote class=\"wp-embedded-content\" data-secret=\"kmfGM0wLKt\"><a href=\"https:\/\/ppmedia.rs\/v2\/pcelari-se-druzili-sa-malisanima-pu-misa-cvijovic\/\">P\u010delari se dru\u017eili sa mali\u0161anima PU &#8222;Mi\u0161a Cvijovi\u0107&#8220;<\/a><\/blockquote><iframe sandbox=\"allow-scripts\" security=\"restricted\" src=\"https:\/\/ppmedia.rs\/v2\/pcelari-se-druzili-sa-malisanima-pu-misa-cvijovic\/embed\/#?secret=kmfGM0wLKt\" width=\"600\" height=\"338\" title=\"&#132;P\u010delari se dru\u017eili sa mali\u0161anima PU &#8222;Mi\u0161a Cvijovi\u0107&#8220;&#147; &#8212; PPmedia\" data-secret=\"kmfGM0wLKt\" frameborder=\"0\" marginwidth=\"0\" marginheight=\"0\" scrolling=\"no\" class=\"wp-embedded-content\"><\/iframe><script type=\"text\/javascript\">\n\/* <![CDATA[ *\/\n\/*! This file is auto-generated *\/\n!function(d,l){\"use strict\";l.querySelector&&d.addEventListener&&\"undefined\"!=typeof URL&&(d.wp=d.wp||{},d.wp.receiveEmbedMessage||(d.wp.receiveEmbedMessage=function(e){var t=e.data;if((t||t.secret||t.message||t.value)&&!\/[^a-zA-Z0-9]\/.test(t.secret)){for(var s,r,n,a=l.querySelectorAll('iframe[data-secret=\"'+t.secret+'\"]'),o=l.querySelectorAll('blockquote[data-secret=\"'+t.secret+'\"]'),c=new RegExp(\"^https?:$\",\"i\"),i=0;i<o.length;i++)o[i].style.display=\"none\";for(i=0;i<a.length;i++)s=a[i],e.source===s.contentWindow&&(s.removeAttribute(\"style\"),\"height\"===t.message?(1e3<(r=parseInt(t.value,10))?r=1e3:~~r<200&&(r=200),s.height=r):\"link\"===t.message&&(r=new URL(s.getAttribute(\"src\")),n=new URL(t.value),c.test(n.protocol))&&n.host===r.host&&l.activeElement===s&&(d.top.location.href=t.value))}},d.addEventListener(\"message\",d.wp.receiveEmbedMessage,!1),l.addEventListener(\"DOMContentLoaded\",function(){for(var e,t,s=l.querySelectorAll(\"iframe.wp-embedded-content\"),r=0;r<s.length;r++)(t=(e=s[r]).getAttribute(\"data-secret\"))||(t=Math.random().toString(36).substring(2,12),e.src+=\"#?secret=\"+t,e.setAttribute(\"data-secret\",t)),e.contentWindow.postMessage({message:\"ready\",secret:t},\"*\")},!1)))}(window,document);\n\/\/# sourceURL=https:\/\/ppmedia.rs\/v2\/wp-includes\/js\/wp-embed.min.js\n\/* ]]> *\/\n<\/script>\n","thumbnail_url":"https:\/\/ppmedia.rs\/wp-content\/uploads\/2019\/08\/pcelari-i-deca-naslov.jpg","thumbnail_width":1110,"thumbnail_height":624,"description":"Prijepolje &#8211; Petu godinu za redom Udru\u017eenje p\u010delara Prijepolja organizuje dru\u017eenje sa decom iz Pred\u0161kolske ustanove Mi\u0161a Cvijovi\u0107. Ove godine u dva objekta, Masla\u010dak i Duga, p\u010delari su upoznali mali\u0161ane sa zna\u010dajom p\u010dela i govorili o p\u010delarstvu, obja\u0161njavaju\u0107i im zna\u010daj za ljude i prirodu. P\u010delar Budimir Te\u0161evi\u0107 govorio je deci..."}