{"version":"1.0","provider_name":"PPmedia","provider_url":"https:\/\/ppmedia.rs\/v2","author_name":"adminpp033","author_url":"https:\/\/ppmedia.rs\/v2\/author\/adminpp033\/","title":"Pribojski ve\u0107nici dobili resore - PPmedia","type":"rich","width":600,"height":338,"html":"<blockquote class=\"wp-embedded-content\" data-secret=\"3aAMjzQdim\"><a href=\"https:\/\/ppmedia.rs\/v2\/pribojski-vecnici-dobili-reosre\/\">Pribojski ve\u0107nici dobili resore<\/a><\/blockquote><iframe sandbox=\"allow-scripts\" security=\"restricted\" src=\"https:\/\/ppmedia.rs\/v2\/pribojski-vecnici-dobili-reosre\/embed\/#?secret=3aAMjzQdim\" width=\"600\" height=\"338\" title=\"&#132;Pribojski ve\u0107nici dobili resore&#147; &#8212; PPmedia\" data-secret=\"3aAMjzQdim\" frameborder=\"0\" marginwidth=\"0\" marginheight=\"0\" scrolling=\"no\" class=\"wp-embedded-content\"><\/iframe><script type=\"text\/javascript\">\n\/* <![CDATA[ *\/\n\/*! This file is auto-generated *\/\n!function(d,l){\"use strict\";l.querySelector&&d.addEventListener&&\"undefined\"!=typeof URL&&(d.wp=d.wp||{},d.wp.receiveEmbedMessage||(d.wp.receiveEmbedMessage=function(e){var t=e.data;if((t||t.secret||t.message||t.value)&&!\/[^a-zA-Z0-9]\/.test(t.secret)){for(var s,r,n,a=l.querySelectorAll('iframe[data-secret=\"'+t.secret+'\"]'),o=l.querySelectorAll('blockquote[data-secret=\"'+t.secret+'\"]'),c=new RegExp(\"^https?:$\",\"i\"),i=0;i<o.length;i++)o[i].style.display=\"none\";for(i=0;i<a.length;i++)s=a[i],e.source===s.contentWindow&&(s.removeAttribute(\"style\"),\"height\"===t.message?(1e3<(r=parseInt(t.value,10))?r=1e3:~~r<200&&(r=200),s.height=r):\"link\"===t.message&&(r=new URL(s.getAttribute(\"src\")),n=new URL(t.value),c.test(n.protocol))&&n.host===r.host&&l.activeElement===s&&(d.top.location.href=t.value))}},d.addEventListener(\"message\",d.wp.receiveEmbedMessage,!1),l.addEventListener(\"DOMContentLoaded\",function(){for(var e,t,s=l.querySelectorAll(\"iframe.wp-embedded-content\"),r=0;r<s.length;r++)(t=(e=s[r]).getAttribute(\"data-secret\"))||(t=Math.random().toString(36).substring(2,12),e.src+=\"#?secret=\"+t,e.setAttribute(\"data-secret\",t)),e.contentWindow.postMessage({message:\"ready\",secret:t},\"*\")},!1)))}(window,document);\n\/\/# sourceURL=https:\/\/ppmedia.rs\/v2\/wp-includes\/js\/wp-embed.min.js\n\/* ]]> *\/\n<\/script>\n","thumbnail_url":"https:\/\/ppmedia.rs\/wp-content\/uploads\/2024\/03\/Opstina-Priboj-2024-03-13-13h10m15s318.jpg","thumbnail_width":1920,"thumbnail_height":1080,"description":"Priboj &#8211; Novo rukovodostvo lokalne samouprave izabrano je na sednici Skup\u0161tine op\u0161tine Priboj, 28.februara, a 13.marta odr\u017eana je konstitutivna sednica Op\u0161tinskog ve\u0107a, koje po funkciji \u010dine predsednik i zamenik predsednika Op\u0161tine Lazar Rvovi\u0107 i Sa\u0161a Vasili\u0107, i izabrani \u010dlanovi: Nenad Penezi\u0107, Novko Prijovi\u0107, dr Jasminko Toski\u0107, Fahrudin Alagi\u0107, dr Adel..."}