{"version":"1.0","provider_name":"PPmedia","provider_url":"https:\/\/ppmedia.rs\/v2","author_name":"adminpp033","author_url":"https:\/\/ppmedia.rs\/v2\/author\/adminpp033\/","title":"Prijepolje: Krivi\u010dna prijava zbog ugro\u017eavanja javnog saobra\u0107aja - PPmedia","type":"rich","width":600,"height":338,"html":"<blockquote class=\"wp-embedded-content\" data-secret=\"HnmIcgqdA7\"><a href=\"https:\/\/ppmedia.rs\/v2\/prijepolje-krivicna-prijava-zbog-ugrozavanja-javnog-saobracaja\/\">Prijepolje: Krivi\u010dna prijava zbog ugro\u017eavanja javnog saobra\u0107aja<\/a><\/blockquote><iframe sandbox=\"allow-scripts\" security=\"restricted\" src=\"https:\/\/ppmedia.rs\/v2\/prijepolje-krivicna-prijava-zbog-ugrozavanja-javnog-saobracaja\/embed\/#?secret=HnmIcgqdA7\" width=\"600\" height=\"338\" title=\"&#132;Prijepolje: Krivi\u010dna prijava zbog ugro\u017eavanja javnog saobra\u0107aja&#147; &#8212; PPmedia\" data-secret=\"HnmIcgqdA7\" frameborder=\"0\" marginwidth=\"0\" marginheight=\"0\" scrolling=\"no\" class=\"wp-embedded-content\"><\/iframe><script type=\"text\/javascript\">\n\/* <![CDATA[ *\/\n\/*! This file is auto-generated *\/\n!function(d,l){\"use strict\";l.querySelector&&d.addEventListener&&\"undefined\"!=typeof URL&&(d.wp=d.wp||{},d.wp.receiveEmbedMessage||(d.wp.receiveEmbedMessage=function(e){var t=e.data;if((t||t.secret||t.message||t.value)&&!\/[^a-zA-Z0-9]\/.test(t.secret)){for(var s,r,n,a=l.querySelectorAll('iframe[data-secret=\"'+t.secret+'\"]'),o=l.querySelectorAll('blockquote[data-secret=\"'+t.secret+'\"]'),c=new RegExp(\"^https?:$\",\"i\"),i=0;i<o.length;i++)o[i].style.display=\"none\";for(i=0;i<a.length;i++)s=a[i],e.source===s.contentWindow&&(s.removeAttribute(\"style\"),\"height\"===t.message?(1e3<(r=parseInt(t.value,10))?r=1e3:~~r<200&&(r=200),s.height=r):\"link\"===t.message&&(r=new URL(s.getAttribute(\"src\")),n=new URL(t.value),c.test(n.protocol))&&n.host===r.host&&l.activeElement===s&&(d.top.location.href=t.value))}},d.addEventListener(\"message\",d.wp.receiveEmbedMessage,!1),l.addEventListener(\"DOMContentLoaded\",function(){for(var e,t,s=l.querySelectorAll(\"iframe.wp-embedded-content\"),r=0;r<s.length;r++)(t=(e=s[r]).getAttribute(\"data-secret\"))||(t=Math.random().toString(36).substring(2,12),e.src+=\"#?secret=\"+t,e.setAttribute(\"data-secret\",t)),e.contentWindow.postMessage({message:\"ready\",secret:t},\"*\")},!1)))}(window,document);\n\/\/# sourceURL=https:\/\/ppmedia.rs\/v2\/wp-includes\/js\/wp-embed.min.js\n\/* ]]> *\/\n<\/script>\n","thumbnail_url":"https:\/\/ppmedia.rs\/wp-content\/uploads\/2016\/02\/ugrozavanje-saobracaja.jpg","thumbnail_width":718,"thumbnail_height":446,"description":"Pripadnici Ministarstva unutra\u0161njih poslova podne\u0107e Osnovnom javnom tu\u017eila\u0161tvu u Prijepolju krivi\u010dnu prijavu protiv \u0161ezdesetogodi\u0161njaka zbog postojanja osnova sumnje da je izvr\u0161io krivi\u010dno delo ugro\u017eavanje javnog saobra\u0107aja. On se tereti da je ju\u010de, oko 14.20 \u010dasova, upravljaju\u0107i \u201efijat puntom\u201c pribojske registracije, izazvao saobra\u0107ajnu nezgodu u kojoj su lak\u0161e povre\u0111eni voza\u010d i..."}