{"version":"1.0","provider_name":"PPmedia","provider_url":"https:\/\/ppmedia.rs\/v2","author_name":"adminpp033","author_url":"https:\/\/ppmedia.rs\/v2\/author\/adminpp033\/","title":"Prijepolje: \u017divotne teme ili bojkot skup\u0161tine - PPmedia","type":"rich","width":600,"height":338,"html":"<blockquote class=\"wp-embedded-content\" data-secret=\"1NMREJ7lhb\"><a href=\"https:\/\/ppmedia.rs\/v2\/prijepolje-zivotne-teme-ili-bojkot-skupstine\/\">Prijepolje: \u017divotne teme ili bojkot skup\u0161tine<\/a><\/blockquote><iframe sandbox=\"allow-scripts\" security=\"restricted\" src=\"https:\/\/ppmedia.rs\/v2\/prijepolje-zivotne-teme-ili-bojkot-skupstine\/embed\/#?secret=1NMREJ7lhb\" width=\"600\" height=\"338\" title=\"&#132;Prijepolje: \u017divotne teme ili bojkot skup\u0161tine&#147; &#8212; PPmedia\" data-secret=\"1NMREJ7lhb\" frameborder=\"0\" marginwidth=\"0\" marginheight=\"0\" scrolling=\"no\" class=\"wp-embedded-content\"><\/iframe><script type=\"text\/javascript\">\n\/* <![CDATA[ *\/\n\/*! This file is auto-generated *\/\n!function(d,l){\"use strict\";l.querySelector&&d.addEventListener&&\"undefined\"!=typeof URL&&(d.wp=d.wp||{},d.wp.receiveEmbedMessage||(d.wp.receiveEmbedMessage=function(e){var t=e.data;if((t||t.secret||t.message||t.value)&&!\/[^a-zA-Z0-9]\/.test(t.secret)){for(var s,r,n,a=l.querySelectorAll('iframe[data-secret=\"'+t.secret+'\"]'),o=l.querySelectorAll('blockquote[data-secret=\"'+t.secret+'\"]'),c=new RegExp(\"^https?:$\",\"i\"),i=0;i<o.length;i++)o[i].style.display=\"none\";for(i=0;i<a.length;i++)s=a[i],e.source===s.contentWindow&&(s.removeAttribute(\"style\"),\"height\"===t.message?(1e3<(r=parseInt(t.value,10))?r=1e3:~~r<200&&(r=200),s.height=r):\"link\"===t.message&&(r=new URL(s.getAttribute(\"src\")),n=new URL(t.value),c.test(n.protocol))&&n.host===r.host&&l.activeElement===s&&(d.top.location.href=t.value))}},d.addEventListener(\"message\",d.wp.receiveEmbedMessage,!1),l.addEventListener(\"DOMContentLoaded\",function(){for(var e,t,s=l.querySelectorAll(\"iframe.wp-embedded-content\"),r=0;r<s.length;r++)(t=(e=s[r]).getAttribute(\"data-secret\"))||(t=Math.random().toString(36).substring(2,12),e.src+=\"#?secret=\"+t,e.setAttribute(\"data-secret\",t)),e.contentWindow.postMessage({message:\"ready\",secret:t},\"*\")},!1)))}(window,document);\n\/\/# sourceURL=https:\/\/ppmedia.rs\/v2\/wp-includes\/js\/wp-embed.min.js\n\/* ]]> *\/\n<\/script>\n","thumbnail_url":"https:\/\/ppmedia.rs\/wp-content\/uploads\/2019\/06\/opozicija-pp.jpg","thumbnail_width":1168,"thumbnail_height":657,"description":"Prijepolje &#8211; Posle gotovo tromese\u010dne pauze, za 26. jun zakazana je sednica Skup\u0161tine op\u0161tine Prijepolje. Me\u0111u \u010dak 29 ta\u010daka dnevnog reda ne nalazi se ni jedna od tema koje ovih dana najvi\u0161e zanimaju gra\u0111ane Prijepolja i zaokupljaju pa\u017enju javnosti i medija, navode odbornici opozicije u Skup\u0161tini op\u0161tine Prijepolje u saop\u0161tenju..."}