{"version":"1.0","provider_name":"PPmedia","provider_url":"https:\/\/ppmedia.rs\/v2","author_name":"adminpp033","author_url":"https:\/\/ppmedia.rs\/v2\/author\/adminpp033\/","title":"Prona\u0111eno telo utopljenika na Radoinjskom jezeru - PPmedia","type":"rich","width":600,"height":338,"html":"<blockquote class=\"wp-embedded-content\" data-secret=\"QyYHKtk0ob\"><a href=\"https:\/\/ppmedia.rs\/v2\/pronadjeno-telo-utopljenika-na-radoinjskom-jezeru\/\">Prona\u0111eno telo utopljenika na Radoinjskom jezeru<\/a><\/blockquote><iframe sandbox=\"allow-scripts\" security=\"restricted\" src=\"https:\/\/ppmedia.rs\/v2\/pronadjeno-telo-utopljenika-na-radoinjskom-jezeru\/embed\/#?secret=QyYHKtk0ob\" width=\"600\" height=\"338\" title=\"&#132;Prona\u0111eno telo utopljenika na Radoinjskom jezeru&#147; &#8212; PPmedia\" data-secret=\"QyYHKtk0ob\" frameborder=\"0\" marginwidth=\"0\" marginheight=\"0\" scrolling=\"no\" class=\"wp-embedded-content\"><\/iframe><script type=\"text\/javascript\">\n\/* <![CDATA[ *\/\n\/*! This file is auto-generated *\/\n!function(d,l){\"use strict\";l.querySelector&&d.addEventListener&&\"undefined\"!=typeof URL&&(d.wp=d.wp||{},d.wp.receiveEmbedMessage||(d.wp.receiveEmbedMessage=function(e){var t=e.data;if((t||t.secret||t.message||t.value)&&!\/[^a-zA-Z0-9]\/.test(t.secret)){for(var s,r,n,a=l.querySelectorAll('iframe[data-secret=\"'+t.secret+'\"]'),o=l.querySelectorAll('blockquote[data-secret=\"'+t.secret+'\"]'),c=new RegExp(\"^https?:$\",\"i\"),i=0;i<o.length;i++)o[i].style.display=\"none\";for(i=0;i<a.length;i++)s=a[i],e.source===s.contentWindow&&(s.removeAttribute(\"style\"),\"height\"===t.message?(1e3<(r=parseInt(t.value,10))?r=1e3:~~r<200&&(r=200),s.height=r):\"link\"===t.message&&(r=new URL(s.getAttribute(\"src\")),n=new URL(t.value),c.test(n.protocol))&&n.host===r.host&&l.activeElement===s&&(d.top.location.href=t.value))}},d.addEventListener(\"message\",d.wp.receiveEmbedMessage,!1),l.addEventListener(\"DOMContentLoaded\",function(){for(var e,t,s=l.querySelectorAll(\"iframe.wp-embedded-content\"),r=0;r<s.length;r++)(t=(e=s[r]).getAttribute(\"data-secret\"))||(t=Math.random().toString(36).substring(2,12),e.src+=\"#?secret=\"+t,e.setAttribute(\"data-secret\",t)),e.contentWindow.postMessage({message:\"ready\",secret:t},\"*\")},!1)))}(window,document);\n\/\/# sourceURL=https:\/\/ppmedia.rs\/v2\/wp-includes\/js\/wp-embed.min.js\n\/* ]]> *\/\n<\/script>\n","thumbnail_url":"https:\/\/ppmedia.rs\/wp-content\/uploads\/2020\/04\/Radoinjsko-jezero-\u2013-informacije-i-zanimljivosti.jpg","thumbnail_width":699,"thumbnail_height":409,"description":"Nova Varo\u0161 &#8211; Ronioci \u017dandarmerije danas su na Radoinjskom jezeru prona\u0161li telo Predraga B. (59) iz Radoinje koji se utopio ju\u010de po podne. \u041aako se nezvani\u010dno saznaje, on je nastradao kada se prevrnuo plasti\u010dni \u010damac u kome se pored njega nalazio i Marko B. (36) iz U\u017eica, koji je nakon..."}