{"version":"1.0","provider_name":"PPmedia","provider_url":"https:\/\/ppmedia.rs\/v2","author_name":"adminpp033","author_url":"https:\/\/ppmedia.rs\/v2\/author\/adminpp033\/","title":"Pro\u0161iren Specijalni rezervat prirode Uvac - PPmedia","type":"rich","width":600,"height":338,"html":"<blockquote class=\"wp-embedded-content\" data-secret=\"qe3AdXpivc\"><a href=\"https:\/\/ppmedia.rs\/v2\/prosiren-specijalni-rezervat-prirode-uvac\/\">Pro\u0161iren Specijalni rezervat prirode Uvac<\/a><\/blockquote><iframe sandbox=\"allow-scripts\" security=\"restricted\" src=\"https:\/\/ppmedia.rs\/v2\/prosiren-specijalni-rezervat-prirode-uvac\/embed\/#?secret=qe3AdXpivc\" width=\"600\" height=\"338\" title=\"&#132;Pro\u0161iren Specijalni rezervat prirode Uvac&#147; &#8212; PPmedia\" data-secret=\"qe3AdXpivc\" frameborder=\"0\" marginwidth=\"0\" marginheight=\"0\" scrolling=\"no\" class=\"wp-embedded-content\"><\/iframe><script type=\"text\/javascript\">\n\/* <![CDATA[ *\/\n\/*! This file is auto-generated *\/\n!function(d,l){\"use strict\";l.querySelector&&d.addEventListener&&\"undefined\"!=typeof URL&&(d.wp=d.wp||{},d.wp.receiveEmbedMessage||(d.wp.receiveEmbedMessage=function(e){var t=e.data;if((t||t.secret||t.message||t.value)&&!\/[^a-zA-Z0-9]\/.test(t.secret)){for(var s,r,n,a=l.querySelectorAll('iframe[data-secret=\"'+t.secret+'\"]'),o=l.querySelectorAll('blockquote[data-secret=\"'+t.secret+'\"]'),c=new RegExp(\"^https?:$\",\"i\"),i=0;i<o.length;i++)o[i].style.display=\"none\";for(i=0;i<a.length;i++)s=a[i],e.source===s.contentWindow&&(s.removeAttribute(\"style\"),\"height\"===t.message?(1e3<(r=parseInt(t.value,10))?r=1e3:~~r<200&&(r=200),s.height=r):\"link\"===t.message&&(r=new URL(s.getAttribute(\"src\")),n=new URL(t.value),c.test(n.protocol))&&n.host===r.host&&l.activeElement===s&&(d.top.location.href=t.value))}},d.addEventListener(\"message\",d.wp.receiveEmbedMessage,!1),l.addEventListener(\"DOMContentLoaded\",function(){for(var e,t,s=l.querySelectorAll(\"iframe.wp-embedded-content\"),r=0;r<s.length;r++)(t=(e=s[r]).getAttribute(\"data-secret\"))||(t=Math.random().toString(36).substring(2,12),e.src+=\"#?secret=\"+t,e.setAttribute(\"data-secret\",t)),e.contentWindow.postMessage({message:\"ready\",secret:t},\"*\")},!1)))}(window,document);\n\/\/# sourceURL=https:\/\/ppmedia.rs\/v2\/wp-includes\/js\/wp-embed.min.js\n\/* ]]> *\/\n<\/script>\n","thumbnail_url":"https:\/\/ppmedia.rs\/wp-content\/uploads\/2023\/04\/168094112015972319031575548467250451_1555849073rezervat-uvac-foto-rina_f.jpg","thumbnail_width":1190,"thumbnail_height":700,"description":"Nova Varo\u0161 \/ Sjenica \u2013 Specijalni rezervat prirode Uvac uredbom Vlade Srbije progla\u0161en je za podru\u010dje od izuzetnog zna\u010daja, odnosno podru\u010dje prve kategorije, njegova povr\u0161ina sada je pro\u0161irena na 11750 hektara, \u0161to je za 4 hiljade hektara vi\u0161e nego pre. Specijalni rezervat prirode Uvac, foto: Rina \u2013 Ovo podru\u010dje progla\u0161ava..."}