{"version":"1.0","provider_name":"PPmedia","provider_url":"https:\/\/ppmedia.rs\/v2","author_name":"adminpp033","author_url":"https:\/\/ppmedia.rs\/v2\/author\/adminpp033\/","title":"Rvovi\u0107: Vrati\u0107emo Priboj na mapu zna\u010dajnih industrijskih centara - PPmedia","type":"rich","width":600,"height":338,"html":"<blockquote class=\"wp-embedded-content\" data-secret=\"4jqZtvlMV9\"><a href=\"https:\/\/ppmedia.rs\/v2\/rvovic-vraticemo-priboj-na-mapu-znacajnih-industrijskih-centara\/\">Rvovi\u0107: Vrati\u0107emo Priboj na mapu zna\u010dajnih industrijskih centara<\/a><\/blockquote><iframe sandbox=\"allow-scripts\" security=\"restricted\" src=\"https:\/\/ppmedia.rs\/v2\/rvovic-vraticemo-priboj-na-mapu-znacajnih-industrijskih-centara\/embed\/#?secret=4jqZtvlMV9\" width=\"600\" height=\"338\" title=\"&#132;Rvovi\u0107: Vrati\u0107emo Priboj na mapu zna\u010dajnih industrijskih centara&#147; &#8212; PPmedia\" data-secret=\"4jqZtvlMV9\" frameborder=\"0\" marginwidth=\"0\" marginheight=\"0\" scrolling=\"no\" class=\"wp-embedded-content\"><\/iframe><script type=\"text\/javascript\">\n\/* <![CDATA[ *\/\n\/*! This file is auto-generated *\/\n!function(d,l){\"use strict\";l.querySelector&&d.addEventListener&&\"undefined\"!=typeof URL&&(d.wp=d.wp||{},d.wp.receiveEmbedMessage||(d.wp.receiveEmbedMessage=function(e){var t=e.data;if((t||t.secret||t.message||t.value)&&!\/[^a-zA-Z0-9]\/.test(t.secret)){for(var s,r,n,a=l.querySelectorAll('iframe[data-secret=\"'+t.secret+'\"]'),o=l.querySelectorAll('blockquote[data-secret=\"'+t.secret+'\"]'),c=new RegExp(\"^https?:$\",\"i\"),i=0;i<o.length;i++)o[i].style.display=\"none\";for(i=0;i<a.length;i++)s=a[i],e.source===s.contentWindow&&(s.removeAttribute(\"style\"),\"height\"===t.message?(1e3<(r=parseInt(t.value,10))?r=1e3:~~r<200&&(r=200),s.height=r):\"link\"===t.message&&(r=new URL(s.getAttribute(\"src\")),n=new URL(t.value),c.test(n.protocol))&&n.host===r.host&&l.activeElement===s&&(d.top.location.href=t.value))}},d.addEventListener(\"message\",d.wp.receiveEmbedMessage,!1),l.addEventListener(\"DOMContentLoaded\",function(){for(var e,t,s=l.querySelectorAll(\"iframe.wp-embedded-content\"),r=0;r<s.length;r++)(t=(e=s[r]).getAttribute(\"data-secret\"))||(t=Math.random().toString(36).substring(2,12),e.src+=\"#?secret=\"+t,e.setAttribute(\"data-secret\",t)),e.contentWindow.postMessage({message:\"ready\",secret:t},\"*\")},!1)))}(window,document);\n\/\/# sourceURL=https:\/\/ppmedia.rs\/v2\/wp-includes\/js\/wp-embed.min.js\n\/* ]]> *\/\n<\/script>\n","thumbnail_url":"https:\/\/ppmedia.rs\/wp-content\/uploads\/2018\/11\/lazar-rvovic-predsednik-opstine-priboj-foto-gzs.jpg","thumbnail_width":800,"thumbnail_height":450,"description":"U Priboju smo svi jedan period izgubili veru u ovaj grad i u \u010dinjenicu da ne\u0161to mo\u017ee da bude od od njega. Ali imali smo neverovatnu sre\u0107u da Srbiju tada vodi premijer, kao \u0161to je Aleksandar Vu\u010di\u0107. On je verovao kad mi nismo, \u010dak i kad smo digli ruke od..."}