{"version":"1.0","provider_name":"PPmedia","provider_url":"https:\/\/ppmedia.rs\/v2","author_name":"adminpp033","author_url":"https:\/\/ppmedia.rs\/v2\/author\/adminpp033\/","title":"Stazama antifa\u0161izma kroz Prijepolje - PPmedia","type":"rich","width":600,"height":338,"html":"<blockquote class=\"wp-embedded-content\" data-secret=\"NoNT12WOf8\"><a href=\"https:\/\/ppmedia.rs\/v2\/stazama-antifasizma-kroz-prijepolje\/\">Stazama antifa\u0161izma kroz Prijepolje<\/a><\/blockquote><iframe sandbox=\"allow-scripts\" security=\"restricted\" src=\"https:\/\/ppmedia.rs\/v2\/stazama-antifasizma-kroz-prijepolje\/embed\/#?secret=NoNT12WOf8\" width=\"600\" height=\"338\" title=\"&#132;Stazama antifa\u0161izma kroz Prijepolje&#147; &#8212; PPmedia\" data-secret=\"NoNT12WOf8\" frameborder=\"0\" marginwidth=\"0\" marginheight=\"0\" scrolling=\"no\" class=\"wp-embedded-content\"><\/iframe><script type=\"text\/javascript\">\n\/* <![CDATA[ *\/\n\/*! This file is auto-generated *\/\n!function(d,l){\"use strict\";l.querySelector&&d.addEventListener&&\"undefined\"!=typeof URL&&(d.wp=d.wp||{},d.wp.receiveEmbedMessage||(d.wp.receiveEmbedMessage=function(e){var t=e.data;if((t||t.secret||t.message||t.value)&&!\/[^a-zA-Z0-9]\/.test(t.secret)){for(var s,r,n,a=l.querySelectorAll('iframe[data-secret=\"'+t.secret+'\"]'),o=l.querySelectorAll('blockquote[data-secret=\"'+t.secret+'\"]'),c=new RegExp(\"^https?:$\",\"i\"),i=0;i<o.length;i++)o[i].style.display=\"none\";for(i=0;i<a.length;i++)s=a[i],e.source===s.contentWindow&&(s.removeAttribute(\"style\"),\"height\"===t.message?(1e3<(r=parseInt(t.value,10))?r=1e3:~~r<200&&(r=200),s.height=r):\"link\"===t.message&&(r=new URL(s.getAttribute(\"src\")),n=new URL(t.value),c.test(n.protocol))&&n.host===r.host&&l.activeElement===s&&(d.top.location.href=t.value))}},d.addEventListener(\"message\",d.wp.receiveEmbedMessage,!1),l.addEventListener(\"DOMContentLoaded\",function(){for(var e,t,s=l.querySelectorAll(\"iframe.wp-embedded-content\"),r=0;r<s.length;r++)(t=(e=s[r]).getAttribute(\"data-secret\"))||(t=Math.random().toString(36).substring(2,12),e.src+=\"#?secret=\"+t,e.setAttribute(\"data-secret\",t)),e.contentWindow.postMessage({message:\"ready\",secret:t},\"*\")},!1)))}(window,document);\n\/\/# sourceURL=https:\/\/ppmedia.rs\/v2\/wp-includes\/js\/wp-embed.min.js\n\/* ]]> *\/\n<\/script>\n","thumbnail_url":"https:\/\/ppmedia.rs\/wp-content\/uploads\/2025\/03\/IMG_20250322_110631_526.jpg","thumbnail_width":2120,"thumbnail_height":1628,"description":"Prijepolje &#8211; Udru\u017eenje \u201c\u017dene Polimlja\u201d zapo\u010delo je realizaciju projekta \u201cStazama antifa\u0161izma kroz Prijepolje\u201d, koji finansira Rekonstrukcija \u017denski Fond iz Beograda. Projekat ima za cilj da kroz edukativne aktivnosti pribli\u017ei mladima zna\u010daj antifa\u0161isti\u010dke borbe i o\u010duva se\u0107anje na hrabrost njihovih predaka. Foto: PP Media Prijepolje Jedan od klju\u010dnih koraka u borbi..."}