{"version":"1.0","provider_name":"PPmedia","provider_url":"https:\/\/ppmedia.rs\/v2","author_name":"adminpp033","author_url":"https:\/\/ppmedia.rs\/v2\/author\/adminpp033\/","title":"Strujom \"\u0161titio\" imanje - krivi\u010dna prijava protiv Prijepoljca - PPmedia","type":"rich","width":600,"height":338,"html":"<blockquote class=\"wp-embedded-content\" data-secret=\"Tpo6XPVJgg\"><a href=\"https:\/\/ppmedia.rs\/v2\/strujom-stitio-imanje-krivicna-prijava-protiv-prijepoljca\/\">Strujom &#8222;\u0161titio&#8220; imanje &#8211; krivi\u010dna prijava protiv Prijepoljca<\/a><\/blockquote><iframe sandbox=\"allow-scripts\" security=\"restricted\" src=\"https:\/\/ppmedia.rs\/v2\/strujom-stitio-imanje-krivicna-prijava-protiv-prijepoljca\/embed\/#?secret=Tpo6XPVJgg\" width=\"600\" height=\"338\" title=\"&#132;Strujom &#8222;\u0161titio&#8220; imanje &#8211; krivi\u010dna prijava protiv Prijepoljca&#147; &#8212; PPmedia\" data-secret=\"Tpo6XPVJgg\" frameborder=\"0\" marginwidth=\"0\" marginheight=\"0\" scrolling=\"no\" class=\"wp-embedded-content\"><\/iframe><script type=\"text\/javascript\">\n\/* <![CDATA[ *\/\n\/*! This file is auto-generated *\/\n!function(d,l){\"use strict\";l.querySelector&&d.addEventListener&&\"undefined\"!=typeof URL&&(d.wp=d.wp||{},d.wp.receiveEmbedMessage||(d.wp.receiveEmbedMessage=function(e){var t=e.data;if((t||t.secret||t.message||t.value)&&!\/[^a-zA-Z0-9]\/.test(t.secret)){for(var s,r,n,a=l.querySelectorAll('iframe[data-secret=\"'+t.secret+'\"]'),o=l.querySelectorAll('blockquote[data-secret=\"'+t.secret+'\"]'),c=new RegExp(\"^https?:$\",\"i\"),i=0;i<o.length;i++)o[i].style.display=\"none\";for(i=0;i<a.length;i++)s=a[i],e.source===s.contentWindow&&(s.removeAttribute(\"style\"),\"height\"===t.message?(1e3<(r=parseInt(t.value,10))?r=1e3:~~r<200&&(r=200),s.height=r):\"link\"===t.message&&(r=new URL(s.getAttribute(\"src\")),n=new URL(t.value),c.test(n.protocol))&&n.host===r.host&&l.activeElement===s&&(d.top.location.href=t.value))}},d.addEventListener(\"message\",d.wp.receiveEmbedMessage,!1),l.addEventListener(\"DOMContentLoaded\",function(){for(var e,t,s=l.querySelectorAll(\"iframe.wp-embedded-content\"),r=0;r<s.length;r++)(t=(e=s[r]).getAttribute(\"data-secret\"))||(t=Math.random().toString(36).substring(2,12),e.src+=\"#?secret=\"+t,e.setAttribute(\"data-secret\",t)),e.contentWindow.postMessage({message:\"ready\",secret:t},\"*\")},!1)))}(window,document);\n\/\/# sourceURL=https:\/\/ppmedia.rs\/v2\/wp-includes\/js\/wp-embed.min.js\n\/* ]]> *\/\n<\/script>\n","thumbnail_url":"https:\/\/ppmedia.rs\/wp-content\/uploads\/2024\/07\/ilustracija-blic.jpg","thumbnail_width":1200,"thumbnail_height":675,"description":"Prijepolje &#8211; Pripadnici Ministarstva unutra\u0161njih poslova u Prijepolju podne\u0107e krivi\u010dnu prijavu protiv \u0161ezdesettrogodi\u0161njeg mu\u0161karca zbog postojanja osnova sumnje da je izvr\u0161io krivi\u010dno delo izazivanje op\u0161te opasnosti. Ilustracija On se sumnji\u010di da je oko svog imanja postavio elektri\u010dni provodnik i priklju\u010dio ga na elektromre\u017eu iz svoje ku\u0107e. Protiv \u0161ezdesettrogodi\u0161njaka \u0107e biti..."}