{"version":"1.0","provider_name":"PPmedia","provider_url":"https:\/\/ppmedia.rs\/v2","author_name":"adminpp033","author_url":"https:\/\/ppmedia.rs\/v2\/author\/adminpp033\/","title":"Uhvati dan - u\u017eivo iz Nove Varo\u0161i - PPmedia","type":"rich","width":600,"height":338,"html":"<blockquote class=\"wp-embedded-content\" data-secret=\"iFBm4LeTxz\"><a href=\"https:\/\/ppmedia.rs\/v2\/uhvati-dan-uzivo-iz-nove-varosi\/\">Uhvati dan &#8211; u\u017eivo iz Nove Varo\u0161i<\/a><\/blockquote><iframe sandbox=\"allow-scripts\" security=\"restricted\" src=\"https:\/\/ppmedia.rs\/v2\/uhvati-dan-uzivo-iz-nove-varosi\/embed\/#?secret=iFBm4LeTxz\" width=\"600\" height=\"338\" title=\"&#132;Uhvati dan &#8211; u\u017eivo iz Nove Varo\u0161i&#147; &#8212; PPmedia\" data-secret=\"iFBm4LeTxz\" frameborder=\"0\" marginwidth=\"0\" marginheight=\"0\" scrolling=\"no\" class=\"wp-embedded-content\"><\/iframe><script type=\"text\/javascript\">\n\/* <![CDATA[ *\/\n\/*! This file is auto-generated *\/\n!function(d,l){\"use strict\";l.querySelector&&d.addEventListener&&\"undefined\"!=typeof URL&&(d.wp=d.wp||{},d.wp.receiveEmbedMessage||(d.wp.receiveEmbedMessage=function(e){var t=e.data;if((t||t.secret||t.message||t.value)&&!\/[^a-zA-Z0-9]\/.test(t.secret)){for(var s,r,n,a=l.querySelectorAll('iframe[data-secret=\"'+t.secret+'\"]'),o=l.querySelectorAll('blockquote[data-secret=\"'+t.secret+'\"]'),c=new RegExp(\"^https?:$\",\"i\"),i=0;i<o.length;i++)o[i].style.display=\"none\";for(i=0;i<a.length;i++)s=a[i],e.source===s.contentWindow&&(s.removeAttribute(\"style\"),\"height\"===t.message?(1e3<(r=parseInt(t.value,10))?r=1e3:~~r<200&&(r=200),s.height=r):\"link\"===t.message&&(r=new URL(s.getAttribute(\"src\")),n=new URL(t.value),c.test(n.protocol))&&n.host===r.host&&l.activeElement===s&&(d.top.location.href=t.value))}},d.addEventListener(\"message\",d.wp.receiveEmbedMessage,!1),l.addEventListener(\"DOMContentLoaded\",function(){for(var e,t,s=l.querySelectorAll(\"iframe.wp-embedded-content\"),r=0;r<s.length;r++)(t=(e=s[r]).getAttribute(\"data-secret\"))||(t=Math.random().toString(36).substring(2,12),e.src+=\"#?secret=\"+t,e.setAttribute(\"data-secret\",t)),e.contentWindow.postMessage({message:\"ready\",secret:t},\"*\")},!1)))}(window,document);\n\/\/# sourceURL=https:\/\/ppmedia.rs\/v2\/wp-includes\/js\/wp-embed.min.js\n\/* ]]> *\/\n<\/script>\n","thumbnail_url":"https:\/\/ppmedia.rs\/wp-content\/uploads\/2019\/11\/toljic.jpg","thumbnail_width":1600,"thumbnail_height":1200,"description":"Nova Varo\u0161 danas obele\u017eava op\u0161tinski praznik, Dan op\u0161tine, datum kada je slavna Javorska brigada pre 107 godina oslobodila zlatarski kraj od vi\u0161evekovnog ropstva. Dan op\u0161tine se ove godine obele\u017eava desetak dana &#8211; a izme\u0111u ostalog u\u010de\u0161\u0107e je uzeo i radio Beograd, koji jutarnji program ovog petka u\u017eivo emituje iz ove..."}