{"version":"1.0","provider_name":"PPmedia","provider_url":"https:\/\/ppmedia.rs\/v2","author_name":"adminpp033","author_url":"https:\/\/ppmedia.rs\/v2\/author\/adminpp033\/","title":"Vu\u010di\u0107 odlu\u010dio da Srbija ide na vanredne izbore - PPmedia","type":"rich","width":600,"height":338,"html":"<blockquote class=\"wp-embedded-content\" data-secret=\"xgm4RB74mL\"><a href=\"https:\/\/ppmedia.rs\/v2\/vucic-odlucio-da-srbija-ide-na-vanredne-izbore\/\">Vu\u010di\u0107 odlu\u010dio da Srbija ide na vanredne izbore<\/a><\/blockquote><iframe sandbox=\"allow-scripts\" security=\"restricted\" src=\"https:\/\/ppmedia.rs\/v2\/vucic-odlucio-da-srbija-ide-na-vanredne-izbore\/embed\/#?secret=xgm4RB74mL\" width=\"600\" height=\"338\" title=\"&#132;Vu\u010di\u0107 odlu\u010dio da Srbija ide na vanredne izbore&#147; &#8212; PPmedia\" data-secret=\"xgm4RB74mL\" frameborder=\"0\" marginwidth=\"0\" marginheight=\"0\" scrolling=\"no\" class=\"wp-embedded-content\"><\/iframe><script type=\"text\/javascript\">\n\/* <![CDATA[ *\/\n\/*! This file is auto-generated *\/\n!function(d,l){\"use strict\";l.querySelector&&d.addEventListener&&\"undefined\"!=typeof URL&&(d.wp=d.wp||{},d.wp.receiveEmbedMessage||(d.wp.receiveEmbedMessage=function(e){var t=e.data;if((t||t.secret||t.message||t.value)&&!\/[^a-zA-Z0-9]\/.test(t.secret)){for(var s,r,n,a=l.querySelectorAll('iframe[data-secret=\"'+t.secret+'\"]'),o=l.querySelectorAll('blockquote[data-secret=\"'+t.secret+'\"]'),c=new RegExp(\"^https?:$\",\"i\"),i=0;i<o.length;i++)o[i].style.display=\"none\";for(i=0;i<a.length;i++)s=a[i],e.source===s.contentWindow&&(s.removeAttribute(\"style\"),\"height\"===t.message?(1e3<(r=parseInt(t.value,10))?r=1e3:~~r<200&&(r=200),s.height=r):\"link\"===t.message&&(r=new URL(s.getAttribute(\"src\")),n=new URL(t.value),c.test(n.protocol))&&n.host===r.host&&l.activeElement===s&&(d.top.location.href=t.value))}},d.addEventListener(\"message\",d.wp.receiveEmbedMessage,!1),l.addEventListener(\"DOMContentLoaded\",function(){for(var e,t,s=l.querySelectorAll(\"iframe.wp-embedded-content\"),r=0;r<s.length;r++)(t=(e=s[r]).getAttribute(\"data-secret\"))||(t=Math.random().toString(36).substring(2,12),e.src+=\"#?secret=\"+t,e.setAttribute(\"data-secret\",t)),e.contentWindow.postMessage({message:\"ready\",secret:t},\"*\")},!1)))}(window,document);\n\/\/# sourceURL=https:\/\/ppmedia.rs\/v2\/wp-includes\/js\/wp-embed.min.js\n\/* ]]> *\/\n<\/script>\n","thumbnail_url":"https:\/\/ppmedia.rs\/wp-content\/uploads\/2016\/01\/sns-1-.jpg","thumbnail_width":940,"thumbnail_height":529,"description":"Premijer Srbije Aleksandar Vu\u010di\u0107 saop\u0161tio je na sednici Glavnog odbora Srpske napredne stranke da je odlu\u010dio da Srbija ide na vanredne parlamentarne izbore. Vu\u010di\u0107 je rekao da je odlu\u010dio da vanredni parlamentarni izbori budu odr\u017eani, jer je Vladi potrebna puna stabilnost i pun \u010detvorogodi\u0161nji mandat, nakon kojeg &#8222;vi\u0161e ne\u0107e biti..."}